{"id":118,"date":"2016-09-07T10:07:56","date_gmt":"2016-09-07T08:07:56","guid":{"rendered":"https:\/\/993.it\/?page_id=118"},"modified":"2026-07-27T09:50:03","modified_gmt":"2026-07-27T07:50:03","slug":"home","status":"publish","type":"page","link":"https:\/\/993.it\/de\/","title":{"rendered":"Home"},"content":{"rendered":"<div class=\"wpb-content-wrapper\"><div class=\"vc_row wpb_row vc_row-fluid\"><div class=\"wpb_column vc_column_container vc_col-sm-12\"><div class=\"vc_column-inner\"><div class=\"wpb_wrapper\"><div class=\"wpb_revslider_element wpb_content_element\">\n\t\t\t\t<p class=\"rs-p-wp-fix\"><\/p>\n\t\t\t\t<sr7-module data-alias=\"home\" data-id=\"2\" id=\"SR7_2_1\" data-version=\"7.1.7\">\n\t\t\t\t\t<sr7-adjuster><\/sr7-adjuster>\n\t\t\t\t\t<sr7-content>\n\t\t\t\t\t\t<sr7-slide id=\"SR7_2_1-2\" data-key=\"2\">\n\t\t\t\t\t\t\t<sr7-bg id=\"SR7_2_1-2-4\" class=\"sr7-layer\"><noscript><img decoding=\"async\" src=\"https:\/\/993.it\/wp-content\/uploads\/2026\/02\/993-parmigianoreggianodimontagna-scaled.jpg\" alt=\"\" title=\"993-parmigianoreggianodimontagna\"><\/noscript><\/sr7-bg>\n\t\t\t\t\t\t\t<sr7-txt id=\"SR7_2_1-2-3\" class=\"sr7-layer\">993...una filiera tutta di montagna<\/sr7-txt>\n\t\t\t\t\t\t<\/sr7-slide>\n\t\t\t\t\t\t<sr7-slide id=\"SR7_2_1-1\" data-key=\"1\">\n\t\t\t\t\t\t\t<sr7-bg id=\"SR7_2_1-1-4\" class=\"sr7-layer\"><noscript><img decoding=\"async\" src=\"https:\/\/993.it\/wp-content\/uploads\/2017\/08\/home1-2.jpg\" alt=\"\" title=\"home1\"><\/noscript><\/sr7-bg>\n\t\t\t\t\t\t\t<sr7-txt id=\"SR7_2_1-1-3\" class=\"sr7-layer\">993...una filiera tutta di montagna<\/sr7-txt>\n\t\t\t\t\t\t<\/sr7-slide>\n\t\t\t\t\t<\/sr7-content>\n\t\t\t\t\t<image_lists style=\"display:none\">\n\t\t\t\t\t\t<img data-src=\"\/\/993.it\/wp-content\/uploads\/2026\/02\/logo-mont-new-white.png\" data-libid=\"16921\" data-lib=\"medialibrary\" title=\"logo-mont-new-white\" width=\"0\" height=\"0\" data-dbsrc=\"Ly85OTMuaXQvd3AtY29udGVudC91cGxvYWRzLzIwMjYvMDIvbG9nby1tb250LW5ldy13aGl0ZS5wbmc=\"\/>\n\t\t\t\t\t\t<img data-src=\"\/\/993.it\/wp-content\/uploads\/2026\/02\/slide993-1.jpg\" data-libid=\"16920\" data-lib=\"medialibrary\" title=\"slide993-1\" width=\"0\" height=\"0\" data-dbsrc=\"Ly85OTMuaXQvd3AtY29udGVudC91cGxvYWRzLzIwMjYvMDIvc2xpZGU5OTMtMS5qcGc=\"\/>\n\t\t\t\t\t\t<img data-src=\"\/\/993.it\/wp-content\/uploads\/2026\/02\/993-parmigianoreggianodimontagna-scaled.jpg\" data-libid=\"17043\" data-lib=\"medialibrary\" title=\"993-parmigianoreggianodimontagna\" width=\"0\" height=\"0\" data-dbsrc=\"Ly85OTMuaXQvd3AtY29udGVudC91cGxvYWRzLzIwMjYvMDIvOTkzLXBhcm1pZ2lhbm9yZWdnaWFub2RpbW9udGFnbmEtc2NhbGVkLmpwZw==\"\/>\n\t\t\t\t\t\t<img data-src=\"\/\/993.it\/wp-content\/uploads\/2022\/04\/logo-mont-new-white.png\" data-libid=\"10151\" width=\"0\" height=\"0\" data-dbsrc=\"Ly85OTMuaXQvd3AtY29udGVudC91cGxvYWRzLzIwMjIvMDQvbG9nby1tb250LW5ldy13aGl0ZS5wbmc=\"\/>\n\t\t\t\t\t\t<img data-src=\"\/\/993.it\/wp-content\/uploads\/2017\/08\/home3.jpg\" width=\"0\" height=\"0\" data-dbsrc=\"Ly85OTMuaXQvd3AtY29udGVudC91cGxvYWRzLzIwMTcvMDgvaG9tZTMuanBn\"\/>\n\t\t\t\t\t\t<img data-src=\"\/\/993.it\/wp-content\/uploads\/2017\/08\/home4.jpg\" width=\"0\" height=\"0\" data-dbsrc=\"Ly85OTMuaXQvd3AtY29udGVudC91cGxvYWRzLzIwMTcvMDgvaG9tZTQuanBn\"\/>\n\t\t\t\t\t\t<img data-src=\"\/\/993.it\/wp-content\/uploads\/2017\/08\/home5.jpg\" width=\"0\" height=\"0\" data-dbsrc=\"Ly85OTMuaXQvd3AtY29udGVudC91cGxvYWRzLzIwMTcvMDgvaG9tZTUuanBn\"\/>\n\t\t\t\t\t<\/image_lists>\n\t\t\t\t<\/sr7-module>\n\t\t\t\t<script>\n\t\t\t\t\twindow.SR7??={}; SR7.PMH ??={}; SR7.PMH[\"SR7_2_1\"] = {cn:100,state:false,fn: function() { if (window._tpt!==undefined && window._tpt.prepareModuleHeight !== undefined) {  _tpt.prepareModuleHeight({id:\"SR7_2_1\",el:[650,650,768,960,720],type:'standard',gh:[650,650,768,960,720],gw:[1240,1240,1024,778,480],vpt:['-100px&#039;,&#039;-100px&#039;,&#039;-100px&#039;,&#039;-100px&#039;,&#039;-100px'],size:{fullWidth:true, fullHeight:false},mh:'0',onh:0,onw:0,bg:{color:'{\"orig\":\"transparent\",\"type\":\"solid\",\"string\":\"transparent\"}'},plType:'0',plColor:'#FFFFFF'});   SR7.PMH[\"SR7_2_1\"].state=true;} else if(SR7.PMH[\"SR7_2_1\"].cn-->0)\tsetTimeout( SR7.PMH[\"SR7_2_1\"].fn,19);}};SR7.PMH[\"SR7_2_1\" ].fn();\n\t\t\t\t<\/script>\n<\/div><\/div><\/div><\/div><\/div><div class=\"vc_row wpb_row vc_row-fluid\"><div class=\"wpb_column vc_column_container vc_col-sm-12\"><div class=\"vc_column-inner\"><div class=\"wpb_wrapper\">\n\t<div class=\"wpb_text_column wpb_content_element\" >\n\t\t<div class=\"wpb_wrapper\">\n\t\t\t<p style=\"text-align: center;\"><span style=\"font-family: Rubik; font-size: 18px;\">Nel cuore dell&#8217;Appennino Reggiano, saggi allevatori trasmettono ogni giorno un&#8217;antica tradizione dal 1929: producono e lavorano il latte con amore per creare il Re dei Formaggi:<\/span><\/p>\n<h1 style=\"text-align: center;\"><span style=\"color: #8b734b; font-family: Rubik;\">il Parmigiano Reggiano di Montagna 993<\/span><\/h1>\n\n\t\t<\/div>\n\t<\/div>\n<div class=\"vc_separator wpb_content_element vc_separator_align_center vc_sep_width_100 vc_sep_shadow vc_sep_border_width_3 vc_sep_pos_align_center vc_separator_no_text vc_sep_color_grey wpb_content_element  wpb_content_element\" ><span class=\"vc_sep_holder vc_sep_holder_l\"><span class=\"vc_sep_line\"><\/span><\/span><span class=\"vc_sep_holder vc_sep_holder_r\"><span class=\"vc_sep_line\"><\/span><\/span>\n<\/div><\/div><\/div><\/div><\/div><div class=\"vc_row wpb_row vc_row-fluid vc_custom_1650893687127\"><div class=\"wpb_column vc_column_container vc_col-sm-6\"><div class=\"vc_column-inner\"><div class=\"wpb_wrapper\">\n\t<div class=\"wpb_text_column wpb_content_element wpb_animate_when_almost_visible wpb_fadeInLeft fadeInLeft \" >\n\t\t<div class=\"wpb_wrapper\">\n\t\t\t<h2 data-start=\"123\" data-end=\"131\"><span style=\"color: #8b734b;\"><strong><span style=\"font-size: 24px;\">993&#8230;Il numero di montagna dell\u2019eccellenza<\/span><\/strong><\/span><\/h2>\n<p style=\"text-align: justify;\" data-start=\"175\" data-end=\"288\"><span style=\"font-size: 16px;\">Dal 1929 produciamo Parmigiano Reggiano di montagna a 900 metri di altitudine, nel cuore dell\u2019Appennino Reggiano.<\/span><\/p>\n<p style=\"text-align: justify;\" data-start=\"290\" data-end=\"548\"><span style=\"font-size: 16px;\">Qui l\u2019aria \u00e8 pi\u00f9 pura, i pascoli sono pi\u00f9 ricchi e la natura detta ancora i suoi ritmi.<\/span><br data-start=\"377\" data-end=\"380\" \/><span style=\"font-size: 16px;\">Coltiviamo i campi senza concimi chimici n\u00e9 antiparassitari, nutriamo le nostre mucche con foraggi naturali e trasformiamo un latte straordinario in un formaggio unico.<\/span><\/p>\n<p style=\"text-align: justify;\" data-start=\"550\" data-end=\"668\"><span style=\"font-size: 16px;\">Il risultato \u00e8 un Parmigiano Reggiano con una marcia in pi\u00f9: profondo, autentico, impossibile da replicare in pianura.<\/span><\/p>\n<p style=\"text-align: justify;\" data-start=\"670\" data-end=\"723\"><span style=\"font-size: 16px;\"><strong data-start=\"670\" data-end=\"723\">993 non \u00e8 solo un numero.<br data-start=\"697\" data-end=\"700\" \/>\u00c8 la nostra identit\u00e0.<\/strong><\/span><\/p>\n\n\t\t<\/div>\n\t<\/div>\n<\/div><\/div><\/div><div class=\"wpb_column vc_column_container vc_col-sm-6\"><div class=\"vc_column-inner\"><div class=\"wpb_wrapper\">\n\t<div class=\"wpb_raw_code wpb_raw_html wpb_content_element\" >\n\t\t<div class=\"wpb_wrapper\">\n\t\t\t<div style=\"width:100%; max-width:980px; margin:0 auto; border-radius:12px; overflow:hidden;\">\n  <video \n    controls \n    preload=\"metadata\" \n    playsinline \n    poster=\"https:\/\/993.it\/wp-content\/uploads\/2026\/02\/preview-video-993.jpg\"\n    style=\"width:100%; height:auto; display:block;\">\n    \n    <source src=\"https:\/\/993.it\/wp-content\/uploads\/2026\/02\/993-presentazione.mp4\" type=\"video\/mp4\">\n    Il tuo browser non supporta la riproduzione video.\n    \n  <\/video>\n<\/div>\n\n\t\t<\/div>\n\t<\/div>\n<\/div><\/div><\/div><\/div><div class=\"wpb_column vc_column_container vc_col-sm-12\"><div class=\"vc_column-inner\"><div class=\"wpb_wrapper\"><div class=\"vc_empty_space\"   style=\"height: 32px\"><span class=\"vc_empty_space_inner\"><\/span><\/div><div class=\"vc_separator wpb_content_element vc_separator_align_center vc_sep_width_100 vc_sep_shadow vc_sep_border_width_3 vc_sep_pos_align_center vc_separator_no_text vc_sep_color_grey wpb_content_element  wpb_content_element\" ><span class=\"vc_sep_holder vc_sep_holder_l\"><span class=\"vc_sep_line\"><\/span><\/span><span class=\"vc_sep_holder vc_sep_holder_r\"><span class=\"vc_sep_line\"><\/span><\/span>\n<\/div><\/div><\/div><\/div><div class=\"vc_row wpb_row vc_row-fluid\"><div class=\"wpb_column vc_column_container vc_col-sm-4\"><div class=\"vc_column-inner\"><div class=\"wpb_wrapper\"><div class=\"gel-image-box img-circle gel-image-box-style-02  wpb_animate_when_almost_visible wpb_bounceIn bounceIn gel-image-box-6a96675a77304 \">\n    \t\t<div class=\"image\">\n\t\t\t\t<img loading=\"lazy\" decoding=\"async\" width=\"500\" height=\"500\" src=\"https:\/\/993.it\/wp-content\/uploads\/2026\/02\/qualita-di-montagna.jpg\" class=\"gel-effect-content\" alt=\"\" \/>\t\t\t\t\t<\/div>\n<div class=\"content-box\">\n            <h4 class=\"title\">\n                        Origine di montagna autentica                    <\/h4>\n                <div class=\"description\">\n\t        <p data-start=\"119\" data-end=\"251\">A 900 metri sull\u2019Appennino Reggiano: aria pura, prati ricchi e un territorio unico che regala un Parmigiano di montagna unico e inimitabile.<\/p>\n        <\/div>\n        <\/div><\/div><div class=\"vc_empty_space\"   style=\"height: 20px\"><span class=\"vc_empty_space_inner\"><\/span><\/div><\/div><\/div><\/div><div class=\"wpb_column vc_column_container vc_col-sm-4\"><div class=\"vc_column-inner\"><div class=\"wpb_wrapper\"><div class=\"gel-image-box img-circle gel-image-box-style-02  wpb_animate_when_almost_visible wpb_bounceIn bounceIn gel-image-box-6a96675a77ee0 \">\n    \t\t<div class=\"image\">\n\t\t\t\t<img loading=\"lazy\" decoding=\"async\" width=\"500\" height=\"500\" src=\"https:\/\/993.it\/wp-content\/uploads\/2026\/02\/foraggi-naturali-993.jpg\" class=\"gel-effect-content\" alt=\"\" \/>\t\t\t\t\t<\/div>\n<div class=\"content-box\">\n            <h4 class=\"title\">\n                        Agricoltura responsabile                    <\/h4>\n                <div class=\"description\">\n\t        <p data-start=\"311\" data-end=\"456\">Solo foraggi naturali, niente chimica nei campi e massimo rispetto per gli animali: cos\u00ec nasce un latte eccellente, base di una qualit\u00e0 assoluta.<\/p>\n        <\/div>\n        <\/div><\/div><div class=\"vc_empty_space\"   style=\"height: 20px\"><span class=\"vc_empty_space_inner\"><\/span><\/div><\/div><\/div><\/div><div class=\"wpb_column vc_column_container vc_col-sm-4\"><div class=\"vc_column-inner\"><div class=\"wpb_wrapper\"><div class=\"gel-image-box img-circle gel-image-box-style-02  wpb_animate_when_almost_visible wpb_bounceIn bounceIn gel-image-box-6a96675a78671 \">\n    \t\t<div class=\"image\">\n\t\t\t\t<img loading=\"lazy\" decoding=\"async\" width=\"500\" height=\"500\" src=\"https:\/\/993.it\/wp-content\/uploads\/2026\/02\/innovazione-tecnologia-993.jpg\" class=\"gel-effect-content\" alt=\"\" \/>\t\t\t\t\t<\/div>\n<div class=\"content-box\">\n            <h4 class=\"title\">\n                        Tradizione dal 1929 e innovazione                    <\/h4>\n                <div class=\"description\">\n\t        <p data-start=\"515\" data-end=\"678\"><span class=\"hover:entity-accent entity-underline inline cursor-pointer align-baseline\"><span class=\"whitespace-normal\">Caseificio Cavola 993<\/span><\/span> unisce quasi un secolo di esperienza a uno stabilimento moderno che controlla ogni fase, dalla produzione al confezionamento.<\/p>\n        <\/div>\n        <\/div><\/div><\/div><\/div><\/div><\/div><div class=\"vc_row wpb_row vc_row-fluid\"><div class=\"wpb_column vc_column_container vc_col-sm-12\"><div class=\"vc_column-inner\"><div class=\"wpb_wrapper\"><div class=\"vc_empty_space\"   style=\"height: 32px\"><span class=\"vc_empty_space_inner\"><\/span><\/div><div class=\"vc_separator wpb_content_element vc_separator_align_center vc_sep_width_100 vc_sep_shadow vc_sep_border_width_3 vc_sep_pos_align_center vc_separator_no_text vc_sep_color_grey wpb_content_element  wpb_content_element\" ><span class=\"vc_sep_holder vc_sep_holder_l\"><span class=\"vc_sep_line\"><\/span><\/span><span class=\"vc_sep_holder vc_sep_holder_r\"><span class=\"vc_sep_line\"><\/span><\/span>\n<\/div>\n\t<div class=\"wpb_text_column wpb_content_element\" >\n\t\t<div class=\"wpb_wrapper\">\n\t\t\t<div id=\"trustindex-feed-container-instagram-646a96675a79174\"><\/div>\n\n\t\t<\/div>\n\t<\/div>\n<\/div><\/div><\/div><\/div>\n<\/div>","protected":false},"excerpt":{"rendered":"993...una filiera tutta di montagna 993...una filiera tutta di montagna Nel cuore dell'Appennino Reggiano, saggi allevatori trasmettono ogni giorno un'antica tradizione dal 1929: producono e lavorano il latte con amore per creare il Re dei Formaggi: il Parmigiano Reggiano di Montagna 993 993...Il numero di montagna dell\u2019eccellenza Dal 1929 produciamo Parmigiano Reggiano di montagna a [...]","protected":false},"author":1,"featured_media":0,"parent":0,"menu_order":0,"comment_status":"closed","ping_status":"closed","template":"","meta":{"rs_blank_template":"","rs_page_bg_color":"","slide_template_v7":"","footnotes":""},"class_list":["post-118","page","type-page","status-publish","hentry"],"_links":{"self":[{"href":"https:\/\/993.it\/de\/wp-json\/wp\/v2\/pages\/118","targetHints":{"allow":["GET"]}}],"collection":[{"href":"https:\/\/993.it\/de\/wp-json\/wp\/v2\/pages"}],"about":[{"href":"https:\/\/993.it\/de\/wp-json\/wp\/v2\/types\/page"}],"author":[{"embeddable":true,"href":"https:\/\/993.it\/de\/wp-json\/wp\/v2\/users\/1"}],"replies":[{"embeddable":true,"href":"https:\/\/993.it\/de\/wp-json\/wp\/v2\/comments?post=118"}],"version-history":[{"count":140,"href":"https:\/\/993.it\/de\/wp-json\/wp\/v2\/pages\/118\/revisions"}],"predecessor-version":[{"id":17209,"href":"https:\/\/993.it\/de\/wp-json\/wp\/v2\/pages\/118\/revisions\/17209"}],"wp:attachment":[{"href":"https:\/\/993.it\/de\/wp-json\/wp\/v2\/media?parent=118"}],"curies":[{"name":"WP","href":"https:\/\/api.w.org\/{rel}","templated":true}]}}